{"id":45,"date":"2021-06-08T22:08:21","date_gmt":"2021-06-08T20:08:21","guid":{"rendered":"https:\/\/imprimatur.zrc-sazu.si\/?page_id=45"},"modified":"2023-07-18T12:13:57","modified_gmt":"2023-07-18T10:13:57","slug":"events","status":"publish","type":"page","link":"https:\/\/imprimatur.zrc-sazu.si\/en\/events\/","title":{"rendered":"Events"},"content":{"rendered":"\n<p>In addition to smaller events, such as guest visits by foreign researchers dealing with censorship in the Habsburg Monarchy, as well as lectures and media appearances by members of the project group, four major events are the focus of the project: a Slovenian conference, a panel at an international congress, a documentary film on RTV Slovenija, and an exhibition in the National and University Library.<\/p>\n\n\n\n<h5 class=\"wp-block-heading\"><a rel=\"noreferrer noopener\" href=\"http:\/\/imprimatur.zrc-sazu.si\/wp-content\/uploads\/2022\/12\/2022_Cenzura_Simpozij_BROSURA.pdf\" data-type=\"URL\" data-id=\"imprimatur.zrc-sazu.si\/wp-content\/uploads\/2022\/12\/2022_Cenzura_Simpozij_BROSURA.pdf\" target=\"_blank\">Slovenian Literati and Imperial Censorship in the Long Nineteenth Century<\/a>. Conference, Atrij ZRC, March 24-25, 2022.<\/h5>\n\n\n\n<p>Oto Luthar, Director of ZRC SAZU: Welcome greeting<br>Marijan Dovi\u0107, project leader: Slovenian writers and imperial censorship in the long 19th century (introduction)<br>Monika De\u017eelak Trojar: Linhart&#8217;s confrontation with censorship in the field of historiography and drama<br>Luka Vidmar: \u017diga Zois on censorship<br>Matija Ogrin: Manuscript publications of forbidden texts: the example of Slovenian manuscripts on the Antichrist<br>Eva Kodri\u010d-Da\u010di\u0107: Banned books in lyceum and university libraries of the pre-March period<br>Andrejka \u017dejn: A Slovenian newspaper nipped in the bud: the case of <em>Slavinja<\/em> censorship<br>Marko Juvan: Acrostics of love and anger: Pre\u0161eren&#8217;s sonnet writing and censorship<br>Andrej Pastar: <em>Carniolia<\/em>, Leopold Korde\u0161 and the German-language newspapers in Carniola in the first half of the 19th century<br>Marijan Dovi\u0107: Pre-March censorship in Kranjska and Bleiweis&#8217; <em>Novice<\/em><br>Nina Ditmajer: The censorship of the Krempl\u2019s <em>Dogodiv\u0161ine \u0161tajerske zemle<\/em> in Graz and Zagreb<br>Sonja Svolj\u0161ak: The March Revolution and the &#8220;freedom of the press&#8221;: Reverberations in Carniola (March-May 1848)<br>Ivan Kordi\u0161: Events on the occasion of the publication of Kozler&#8217;s <em>Zemljovid slovenske de\u017eele in pokrajin<\/em><br>Teodor Domej: A short life and the end of newspapers <em>Stimmen aus Inner\u00f6sterreich<\/em> and <em>Slovenec<\/em><br>Tanja \u017digon: Press cases in Carniola in the second half of the 19th century<br>Damir Globo\u010dnik: <em>Brencelj<\/em> and <em>Jurij s pu\u0161o<\/em>: the first Slovenian satirical newspaper before the jury court<br>Katja Mihurko Poni\u017e: &#8220;Immorality in itself&#8221;: theatre censorship and moral education in the 18th and 19th centuries<br>Ur\u0161ka Pereni\u010d: Censorship and the beginnings of Slovenian theatre<br>Tone Smolej: &#8220;The performance is allowed if the passages marked in red are omitted&#8221;: theatre censorship of foreign repertoire in Ljubljana (1898-1912)<br>Andra\u017e Je\u017e: &#8220;The governmental censorship that made me suspect of &#8211; 62 passages!&#8221;: The Austro-Hungarian censorship of Slovenian socialists<br>Petra Svolj\u0161ak: The First World War: the transition of Austrian censorship from the defensive to the offensive<br>Jernej Habjan: Between the 19<sup>th<\/sup>-century erotica and the 20<sup>th<\/sup>-century servants<\/p>\n\n\n\n<figure class=\"wp-block-image size-large\"><img loading=\"lazy\" decoding=\"async\" width=\"1024\" height=\"769\" src=\"https:\/\/imprimatur.zrc-sazu.si\/wp-content\/uploads\/2023\/07\/2022-03-Simpozij-ZRC-2-1024x769.jpg\" alt=\"\" class=\"wp-image-381\" srcset=\"https:\/\/imprimatur.zrc-sazu.si\/wp-content\/uploads\/2023\/07\/2022-03-Simpozij-ZRC-2-1024x769.jpg 1024w, https:\/\/imprimatur.zrc-sazu.si\/wp-content\/uploads\/2023\/07\/2022-03-Simpozij-ZRC-2-300x225.jpg 300w, https:\/\/imprimatur.zrc-sazu.si\/wp-content\/uploads\/2023\/07\/2022-03-Simpozij-ZRC-2-768x577.jpg 768w, https:\/\/imprimatur.zrc-sazu.si\/wp-content\/uploads\/2023\/07\/2022-03-Simpozij-ZRC-2-1536x1153.jpg 1536w, https:\/\/imprimatur.zrc-sazu.si\/wp-content\/uploads\/2023\/07\/2022-03-Simpozij-ZRC-2-2048x1538.jpg 2048w\" sizes=\"auto, (max-width: 1024px) 100vw, 1024px\" \/><\/figure>\n\n\n\n<p><\/p>\n\n\n<div class=\"wp-block-image\">\n<figure class=\"aligncenter size-large is-resized\"><img loading=\"lazy\" decoding=\"async\" src=\"https:\/\/imprimatur.zrc-sazu.si\/wp-content\/uploads\/2023\/07\/2022-03-Simpozij-ZRC-1-1024x769.jpg\" alt=\"\" class=\"wp-image-379\" width=\"463\" height=\"348\" srcset=\"https:\/\/imprimatur.zrc-sazu.si\/wp-content\/uploads\/2023\/07\/2022-03-Simpozij-ZRC-1-1024x769.jpg 1024w, https:\/\/imprimatur.zrc-sazu.si\/wp-content\/uploads\/2023\/07\/2022-03-Simpozij-ZRC-1-300x225.jpg 300w, https:\/\/imprimatur.zrc-sazu.si\/wp-content\/uploads\/2023\/07\/2022-03-Simpozij-ZRC-1-768x577.jpg 768w, https:\/\/imprimatur.zrc-sazu.si\/wp-content\/uploads\/2023\/07\/2022-03-Simpozij-ZRC-1-1536x1153.jpg 1536w, https:\/\/imprimatur.zrc-sazu.si\/wp-content\/uploads\/2023\/07\/2022-03-Simpozij-ZRC-1-2048x1538.jpg 2048w\" sizes=\"auto, (max-width: 463px) 100vw, 463px\" \/><figcaption class=\"wp-element-caption\">Matija Ogrin, Monika De\u017eelak Trojar, Luka Vidmar, Marko Juvan<\/figcaption><\/figure>\n<\/div>\n\n\n<h5 class=\"wp-block-heading\"><a rel=\"noreferrer noopener\" href=\"http:\/\/imprimatur.zrc-sazu.si\/wp-content\/uploads\/2022\/12\/2022_Censorship_Rome-panel_FINAL.pdf\" target=\"_blank\">Censorship, Print, and Nations in the Habsburg Monarchy (ca. 1789\u20131914)<\/a>. The panel session held as part of the 9<sup>th<\/sup> Congress of The European Society of Comparative Literature (ESCL\/SELC; Rome, September 5-9, 2022).<\/h5>\n\n\n\n<p>Luka Vidmar (Research Centre of the Slovenian Academy of Sciences and Arts):&nbsp;<em>From Rome to Vienna: Secularization of Censorship in the Habsburg Monarchy in the Second Half of the Eighteenth Century<\/em><br>Michael W\u00f6gerbauer (Czech Academy of Sciences):<em>&nbsp;The \u201cHoley\u201d System: Habsburg Censorship, Its Centralization, and Its Gaps (1749\u20131848)<\/em><br>Orsolya R\u00e1kai (Hungarian Academy of Sciences):&nbsp;<em>Cult, Criticism, Economy: Censorship as a Multilevel Tool and Language in the Emergence of Modern Social Subsystems around 1800<\/em><br>Norbert Bachleitner (University of Vienna):&nbsp;<em>Censorship of Classics around 1800: Friedrich Schiller<\/em>\u2019<em>s Plays in Print and on the Stage<\/em><br>Marijan Dovi\u0107 (Research Centre of the Slovenian Academy of Sciences and Arts)<em>:&nbsp;Imperial Censorship and the Press in Carniola during the Pre-March Period<\/em><br>Marko Juvan (Research Centre of the Slovenian Academy of Sciences and Arts):&nbsp;<em>Censor\u2019s Paradox: The Habsburg Empire and the Literary Field<\/em><br>Daniel Syrovy (University of Vienna):&nbsp;<em>Between Policing and Literary Criticism: Habsburg Censorship of Literature in Lombardy-Venetia<\/em><br>Marina Protrka \u0160timec (University of Zagreb):&nbsp;<em>Censor\u2019s Scissors in Croatian Literature: Shaping an (Inter)national Community<\/em>&nbsp;<\/p>\n\n\n\n<figure class=\"wp-block-image size-large is-resized\"><img loading=\"lazy\" decoding=\"async\" src=\"https:\/\/imprimatur.zrc-sazu.si\/wp-content\/uploads\/2023\/07\/2022-09-ESCL-Rim-4-1024x683.jpg\" alt=\"\" class=\"wp-image-374\" width=\"819\" height=\"546\" srcset=\"https:\/\/imprimatur.zrc-sazu.si\/wp-content\/uploads\/2023\/07\/2022-09-ESCL-Rim-4-1024x683.jpg 1024w, https:\/\/imprimatur.zrc-sazu.si\/wp-content\/uploads\/2023\/07\/2022-09-ESCL-Rim-4-300x200.jpg 300w, https:\/\/imprimatur.zrc-sazu.si\/wp-content\/uploads\/2023\/07\/2022-09-ESCL-Rim-4-768x512.jpg 768w, https:\/\/imprimatur.zrc-sazu.si\/wp-content\/uploads\/2023\/07\/2022-09-ESCL-Rim-4-1536x1024.jpg 1536w, https:\/\/imprimatur.zrc-sazu.si\/wp-content\/uploads\/2023\/07\/2022-09-ESCL-Rim-4-2048x1365.jpg 2048w, https:\/\/imprimatur.zrc-sazu.si\/wp-content\/uploads\/2023\/07\/2022-09-ESCL-Rim-4-930x620.jpg 930w\" sizes=\"auto, (max-width: 819px) 100vw, 819px\" \/><\/figure>\n\n\n\n<p><\/p>\n\n\n<div class=\"wp-block-image\">\n<figure class=\"aligncenter size-large is-resized\"><img loading=\"lazy\" decoding=\"async\" src=\"https:\/\/imprimatur.zrc-sazu.si\/wp-content\/uploads\/2023\/07\/2022-09-ESCL-Rim-7-1024x683.jpg\" alt=\"\" class=\"wp-image-376\" width=\"348\" height=\"232\" srcset=\"https:\/\/imprimatur.zrc-sazu.si\/wp-content\/uploads\/2023\/07\/2022-09-ESCL-Rim-7-1024x683.jpg 1024w, https:\/\/imprimatur.zrc-sazu.si\/wp-content\/uploads\/2023\/07\/2022-09-ESCL-Rim-7-300x200.jpg 300w, https:\/\/imprimatur.zrc-sazu.si\/wp-content\/uploads\/2023\/07\/2022-09-ESCL-Rim-7-768x512.jpg 768w, https:\/\/imprimatur.zrc-sazu.si\/wp-content\/uploads\/2023\/07\/2022-09-ESCL-Rim-7-1536x1024.jpg 1536w, https:\/\/imprimatur.zrc-sazu.si\/wp-content\/uploads\/2023\/07\/2022-09-ESCL-Rim-7-2048x1365.jpg 2048w, https:\/\/imprimatur.zrc-sazu.si\/wp-content\/uploads\/2023\/07\/2022-09-ESCL-Rim-7-930x620.jpg 930w\" sizes=\"auto, (max-width: 348px) 100vw, 348px\" \/><figcaption class=\"wp-element-caption\">Marko Juvan, Marijan Dovi\u0107<\/figcaption><\/figure>\n<\/div>\n\n\n<h5 class=\"wp-block-heading\"><em><a rel=\"noreferrer noopener\" href=\"https:\/\/365.rtvslo.si\/arhiv\/neznana-poglavja-slovenske-zgodovine\/174912114\" target=\"_blank\">Slovenci in habsbur\u0161ka cenzura: izobra\u017eevalno-dokumentarni film : neznana poglavja slovenske zgodovine<\/a><\/em>. (Slovenians and Habsburg Censorship: a documentary). Ljubljana: RTV Slovenija, 2022. (25 min).<\/h5>\n\n\n<div class=\"wp-block-image\">\n<figure class=\"aligncenter size-large is-resized\"><img loading=\"lazy\" decoding=\"async\" src=\"https:\/\/imprimatur.zrc-sazu.si\/wp-content\/uploads\/2022\/12\/Cenzura-doku-1024x567.jpg\" alt=\"\" class=\"wp-image-261\" width=\"590\" height=\"327\" srcset=\"https:\/\/imprimatur.zrc-sazu.si\/wp-content\/uploads\/2022\/12\/Cenzura-doku-1024x567.jpg 1024w, https:\/\/imprimatur.zrc-sazu.si\/wp-content\/uploads\/2022\/12\/Cenzura-doku-300x166.jpg 300w, https:\/\/imprimatur.zrc-sazu.si\/wp-content\/uploads\/2022\/12\/Cenzura-doku-768x425.jpg 768w, https:\/\/imprimatur.zrc-sazu.si\/wp-content\/uploads\/2022\/12\/Cenzura-doku.jpg 1243w\" sizes=\"auto, (max-width: 590px) 100vw, 590px\" \/><\/figure>\n<\/div>\n\n\n<p><\/p>\n\n\n<div class=\"wp-block-image\">\n<figure class=\"aligncenter size-large is-resized\"><img loading=\"lazy\" decoding=\"async\" src=\"https:\/\/imprimatur.zrc-sazu.si\/wp-content\/uploads\/2023\/07\/2022-04-Dokumentarec-RTV-3-1024x577.jpg\" alt=\"\" class=\"wp-image-383\" width=\"910\" height=\"508\"\/><figcaption class=\"wp-element-caption\">Marijan Dovi\u0107, Luka Vidmar<\/figcaption><\/figure>\n<\/div>\n\n<div class=\"wp-block-image\">\n<figure class=\"aligncenter size-large is-resized\"><img loading=\"lazy\" decoding=\"async\" src=\"https:\/\/imprimatur.zrc-sazu.si\/wp-content\/uploads\/2023\/07\/2022-04-Dokumentarec-RTV-7-577x1024.jpg\" alt=\"\" class=\"wp-image-389\" width=\"244\" height=\"433\" srcset=\"https:\/\/imprimatur.zrc-sazu.si\/wp-content\/uploads\/2023\/07\/2022-04-Dokumentarec-RTV-7-577x1024.jpg 577w, https:\/\/imprimatur.zrc-sazu.si\/wp-content\/uploads\/2023\/07\/2022-04-Dokumentarec-RTV-7-169x300.jpg 169w, https:\/\/imprimatur.zrc-sazu.si\/wp-content\/uploads\/2023\/07\/2022-04-Dokumentarec-RTV-7-768x1364.jpg 768w, https:\/\/imprimatur.zrc-sazu.si\/wp-content\/uploads\/2023\/07\/2022-04-Dokumentarec-RTV-7-865x1536.jpg 865w, https:\/\/imprimatur.zrc-sazu.si\/wp-content\/uploads\/2023\/07\/2022-04-Dokumentarec-RTV-7-1153x2048.jpg 1153w, https:\/\/imprimatur.zrc-sazu.si\/wp-content\/uploads\/2023\/07\/2022-04-Dokumentarec-RTV-7-scaled.jpg 1442w\" sizes=\"auto, (max-width: 244px) 100vw, 244px\" \/><figcaption class=\"wp-element-caption\">Katja Mihurko Poni\u017e<\/figcaption><\/figure>\n<\/div>\n\n\n<p><strong>Exhibition <em><a href=\"https:\/\/www.nuk.uni-lj.si\/aktualno\/razstave\/2022\/cenzura\">Slovenians and Imperial Censorship from Joseph II to the First World War<\/a><\/em> in the National and University Library (25 May \u2013 25 November 2023)<\/strong><\/p>\n\n\n<div class=\"wp-block-image\">\n<figure class=\"aligncenter size-large is-resized\"><img loading=\"lazy\" decoding=\"async\" src=\"https:\/\/imprimatur.zrc-sazu.si\/wp-content\/uploads\/2023\/07\/2023-05-Razstava-NUK-9-1024x683.jpg\" alt=\"\" class=\"wp-image-300\" width=\"763\" height=\"509\" srcset=\"https:\/\/imprimatur.zrc-sazu.si\/wp-content\/uploads\/2023\/07\/2023-05-Razstava-NUK-9-1024x683.jpg 1024w, https:\/\/imprimatur.zrc-sazu.si\/wp-content\/uploads\/2023\/07\/2023-05-Razstava-NUK-9-300x200.jpg 300w, https:\/\/imprimatur.zrc-sazu.si\/wp-content\/uploads\/2023\/07\/2023-05-Razstava-NUK-9-768x512.jpg 768w, https:\/\/imprimatur.zrc-sazu.si\/wp-content\/uploads\/2023\/07\/2023-05-Razstava-NUK-9-1536x1024.jpg 1536w, https:\/\/imprimatur.zrc-sazu.si\/wp-content\/uploads\/2023\/07\/2023-05-Razstava-NUK-9-2048x1365.jpg 2048w, https:\/\/imprimatur.zrc-sazu.si\/wp-content\/uploads\/2023\/07\/2023-05-Razstava-NUK-9-930x620.jpg 930w\" sizes=\"auto, (max-width: 763px) 100vw, 763px\" \/><\/figure>\n<\/div>\n\n\n<p><gwmw style=\"display:none;\"><\/gwmw><\/p>\n\n\n<div class=\"wp-block-image\">\n<figure class=\"aligncenter size-large is-resized\"><img loading=\"lazy\" decoding=\"async\" src=\"https:\/\/imprimatur.zrc-sazu.si\/wp-content\/uploads\/2023\/07\/2023-05-Razstava-NUK-21-1-768x1024.jpg\" alt=\"\" class=\"wp-image-412\" width=\"289\" height=\"385\" srcset=\"https:\/\/imprimatur.zrc-sazu.si\/wp-content\/uploads\/2023\/07\/2023-05-Razstava-NUK-21-1-768x1024.jpg 768w, https:\/\/imprimatur.zrc-sazu.si\/wp-content\/uploads\/2023\/07\/2023-05-Razstava-NUK-21-1-225x300.jpg 225w, https:\/\/imprimatur.zrc-sazu.si\/wp-content\/uploads\/2023\/07\/2023-05-Razstava-NUK-21-1-1152x1536.jpg 1152w, https:\/\/imprimatur.zrc-sazu.si\/wp-content\/uploads\/2023\/07\/2023-05-Razstava-NUK-21-1-1536x2048.jpg 1536w, https:\/\/imprimatur.zrc-sazu.si\/wp-content\/uploads\/2023\/07\/2023-05-Razstava-NUK-21-1-scaled.jpg 1920w\" sizes=\"auto, (max-width: 289px) 100vw, 289px\" \/><figcaption class=\"wp-element-caption\">Marijan Dovi\u0107<\/figcaption><\/figure>\n<\/div>\n\n<div class=\"wp-block-image\">\n<figure class=\"aligncenter size-large\"><img loading=\"lazy\" decoding=\"async\" width=\"1024\" height=\"768\" src=\"https:\/\/imprimatur.zrc-sazu.si\/wp-content\/uploads\/2023\/07\/2023-05-Razstava-NUK-16-1024x768.jpg\" alt=\"\" class=\"wp-image-314\" srcset=\"https:\/\/imprimatur.zrc-sazu.si\/wp-content\/uploads\/2023\/07\/2023-05-Razstava-NUK-16-1024x768.jpg 1024w, https:\/\/imprimatur.zrc-sazu.si\/wp-content\/uploads\/2023\/07\/2023-05-Razstava-NUK-16-300x225.jpg 300w, https:\/\/imprimatur.zrc-sazu.si\/wp-content\/uploads\/2023\/07\/2023-05-Razstava-NUK-16-768x576.jpg 768w, https:\/\/imprimatur.zrc-sazu.si\/wp-content\/uploads\/2023\/07\/2023-05-Razstava-NUK-16-1536x1152.jpg 1536w, https:\/\/imprimatur.zrc-sazu.si\/wp-content\/uploads\/2023\/07\/2023-05-Razstava-NUK-16-2048x1536.jpg 2048w\" sizes=\"auto, (max-width: 1024px) 100vw, 1024px\" \/><figcaption class=\"wp-element-caption\">Exhibition opening, May 25, 2023<\/figcaption><\/figure>\n<\/div>","protected":false},"excerpt":{"rendered":"<p>In addition to smaller events, such as guest visits by foreign researchers dealing with censorship in the Habsburg Monarchy, as well as lectures and media appearances by members of the project group, four major events are the focus of the project: a Slovenian conference, a panel at an international congress, a documentary film on RTV&hellip;&nbsp;<a href=\"https:\/\/imprimatur.zrc-sazu.si\/en\/events\/\" rel=\"bookmark\">Read More &raquo;<span class=\"screen-reader-text\">Events<\/span><\/a><\/p>\n","protected":false},"author":1,"featured_media":0,"parent":0,"menu_order":0,"comment_status":"closed","ping_status":"closed","template":"","meta":{"neve_meta_sidebar":"default","neve_meta_container":"","neve_meta_enable_content_width":"off","neve_meta_content_width":100,"neve_meta_title_alignment":"","neve_meta_author_avatar":"","neve_post_elements_order":"","neve_meta_disable_header":"","neve_meta_disable_footer":"","neve_meta_disable_title":"","footnotes":""},"class_list":["post-45","page","type-page","status-publish","hentry"],"_links":{"self":[{"href":"https:\/\/imprimatur.zrc-sazu.si\/en\/wp-json\/wp\/v2\/pages\/45","targetHints":{"allow":["GET"]}}],"collection":[{"href":"https:\/\/imprimatur.zrc-sazu.si\/en\/wp-json\/wp\/v2\/pages"}],"about":[{"href":"https:\/\/imprimatur.zrc-sazu.si\/en\/wp-json\/wp\/v2\/types\/page"}],"author":[{"embeddable":true,"href":"https:\/\/imprimatur.zrc-sazu.si\/en\/wp-json\/wp\/v2\/users\/1"}],"replies":[{"embeddable":true,"href":"https:\/\/imprimatur.zrc-sazu.si\/en\/wp-json\/wp\/v2\/comments?post=45"}],"version-history":[{"count":11,"href":"https:\/\/imprimatur.zrc-sazu.si\/en\/wp-json\/wp\/v2\/pages\/45\/revisions"}],"predecessor-version":[{"id":415,"href":"https:\/\/imprimatur.zrc-sazu.si\/en\/wp-json\/wp\/v2\/pages\/45\/revisions\/415"}],"wp:attachment":[{"href":"https:\/\/imprimatur.zrc-sazu.si\/en\/wp-json\/wp\/v2\/media?parent=45"}],"curies":[{"name":"wp","href":"https:\/\/api.w.org\/{rel}","templated":true}]}}